{"id":17355,"date":"2022-09-23T11:13:05","date_gmt":"2022-09-23T09:13:05","guid":{"rendered":"https:\/\/www.cafmet.com\/?page_id=17355"},"modified":"2022-12-08T16:14:41","modified_gmt":"2022-12-08T15:14:41","slug":"etalonnage-des-appareils-de-mesure-de-la-temperature-et-caracterisation-des-enceintes-climatiques","status":"publish","type":"page","link":"https:\/\/www.cafmet.com\/en\/etalonnage-des-appareils-de-mesure-de-la-temperature-et-caracterisation-des-enceintes-climatiques\/","title":{"rendered":"Calibration of measuring devices, temperature and characterization of climatic chambers"},"content":{"rendered":"<section class=\"wpb-content-wrapper\"><div class=\"vc_row wpb_row vc_row-fluid\"><div class=\"wpb_column vc_column_container vc_col-sm-12\"><div class=\"vc_column-inner\"><div class=\"wpb_wrapper\">\n\t<div class=\"wpb_text_column wpb_content_element\" >\n\t\t<div class=\"wpb_wrapper\">\n\t\t\t<div class=\"wp-block-cover has-background-dim\"><img loading=\"lazy\" decoding=\"async\" width=\"1024\" height=\"683\" class=\"wp-block-cover__image-background wp-image-17275\" src=\"https:\/\/www.cafmet.com\/wp-content\/uploads\/2022\/09\/pexels-roman-odintsov-4871011-1024x683.jpg\" alt=\"\" data-object-fit=\"cover\" srcset=\"https:\/\/www.cafmet.com\/wp-content\/uploads\/2022\/09\/pexels-roman-odintsov-4871011-1024x683.jpg 1024w, https:\/\/www.cafmet.com\/wp-content\/uploads\/2022\/09\/pexels-roman-odintsov-4871011-300x200.jpg 300w, https:\/\/www.cafmet.com\/wp-content\/uploads\/2022\/09\/pexels-roman-odintsov-4871011-768x512.jpg 768w, https:\/\/www.cafmet.com\/wp-content\/uploads\/2022\/09\/pexels-roman-odintsov-4871011-1536x1024.jpg 1536w, https:\/\/www.cafmet.com\/wp-content\/uploads\/2022\/09\/pexels-roman-odintsov-4871011-2048x1365.jpg 2048w, https:\/\/www.cafmet.com\/wp-content\/uploads\/2022\/09\/pexels-roman-odintsov-4871011-18x12.jpg 18w, https:\/\/www.cafmet.com\/wp-content\/uploads\/2022\/09\/pexels-roman-odintsov-4871011-500x333.jpg 500w, https:\/\/www.cafmet.com\/wp-content\/uploads\/2022\/09\/pexels-roman-odintsov-4871011-800x533.jpg 800w, https:\/\/www.cafmet.com\/wp-content\/uploads\/2022\/09\/pexels-roman-odintsov-4871011-1280x853.jpg 1280w, https:\/\/www.cafmet.com\/wp-content\/uploads\/2022\/09\/pexels-roman-odintsov-4871011-1920x1280.jpg 1920w, https:\/\/www.cafmet.com\/wp-content\/uploads\/2022\/09\/pexels-roman-odintsov-4871011-600x400.jpg 600w\" sizes=\"(max-width: 1024px) 100vw, 1024px\" \/><\/p>\n<div class=\"wp-block-cover__inner-container is-layout-flow wp-block-cover-is-layout-flow\">\n<h1 class=\"has-text-align-center wp-block-heading\" style=\"font-size: 40px;\"><strong>Calibration of temperature measuring devices\u00a0<\/strong><\/h1>\n<p class=\"has-text-align-center\" style=\"font-size: 25px;\"><strong>DURATION: 2 DAYS (14 hours)<\/strong><\/p>\n<\/div>\n<\/div>\n\n\t\t<\/div>\n\t<\/div>\n<\/div><\/div><\/div><\/div><div class=\"vc_row wpb_row vc_row-fluid\"><div class=\"wpb_column vc_column_container vc_col-sm-12\"><div class=\"vc_column-inner\"><div class=\"wpb_wrapper\"><div class=\"vc_separator wpb_content_element vc_separator_align_center vc_sep_width_20 vc_sep_shadow vc_sep_pos_align_center vc_separator_no_text vc_sep_color_black\" ><span class=\"vc_sep_holder vc_sep_holder_l\"><span class=\"vc_sep_line\"><\/span><\/span><span class=\"vc_sep_holder vc_sep_holder_r\"><span class=\"vc_sep_line\"><\/span><\/span>\n<\/div><\/div><\/div><\/div><\/div><div class=\"vc_row wpb_row vc_row-fluid\"><div class=\"wpb_column vc_column_container vc_col-sm-6\"><div class=\"vc_column-inner\"><div class=\"wpb_wrapper\">\n\t<div class=\"wpb_text_column wpb_content_element  vc_custom_1670512295805\" >\n\t\t<div class=\"wpb_wrapper\">\n\t\t\t<h2 style=\"text-align: center;\"><span style=\"color: #000000;\"><strong><img loading=\"lazy\" decoding=\"async\" class=\"wp-image-17473 alignleft\" src=\"https:\/\/www.cafmet.com\/wp-content\/uploads\/2022\/10\/image-programme-300x197.png\" alt=\"\" width=\"155\" height=\"102\" srcset=\"https:\/\/www.cafmet.com\/wp-content\/uploads\/2022\/10\/image-programme-300x197.png 300w, https:\/\/www.cafmet.com\/wp-content\/uploads\/2022\/10\/image-programme-1024x671.png 1024w, https:\/\/www.cafmet.com\/wp-content\/uploads\/2022\/10\/image-programme-768x503.png 768w, https:\/\/www.cafmet.com\/wp-content\/uploads\/2022\/10\/image-programme-18x12.png 18w, https:\/\/www.cafmet.com\/wp-content\/uploads\/2022\/10\/image-programme-500x328.png 500w, https:\/\/www.cafmet.com\/wp-content\/uploads\/2022\/10\/image-programme-800x524.png 800w, https:\/\/www.cafmet.com\/wp-content\/uploads\/2022\/10\/image-programme-600x393.png 600w, https:\/\/www.cafmet.com\/wp-content\/uploads\/2022\/10\/image-programme.png 1280w\" sizes=\"(max-width: 155px) 100vw, 155px\" \/>Program<\/strong><\/span><\/h2>\n<hr \/>\n<h5>\u00a0<\/h5>\n<h5>\u00a0<\/h5>\n<h5><em>Principle of operation of a thermometer<\/em><\/h5>\n<h5>\u00a0<\/h5>\n<h5><em>\u00c9talons internationaux et r\u00e9f\u00e9rences normatives<\/em><br \/><em>about temperature measurements<\/em><\/h5>\n<h5>\u00a0<\/h5>\n<h5><em>Temperature measurement unit <\/em><\/h5>\n<h5>\u00a0<\/h5>\n<h5><em>Temperature measuring instruments;<\/em><br \/><em>expansion thermometer, electrical<\/em><br \/><em>resistance thermometer; thermocouples; optical<\/em><br \/><em>pyrometry and infrared thermometer; data logger <\/em><\/h5>\n<h5>\u00a0<\/h5>\n<h5><em>Measurement errors; evaluation of temperature<\/em><br \/><em>measurement uncertainty; calibration procedure for<\/em><br \/><em>temperature measurement and control<\/em><br \/><em>equipement <\/em><\/h5>\n<h5>\u00a0<\/h5>\n<h5><em>V\u00e9rification et d\u00e9claration de conformit\u00e9<\/em><\/h5>\n<p>&nbsp;<\/p>\n<h5><em>Applications<\/em><\/h5>\n\n\t\t<\/div>\n\t<\/div>\n\n\t<div class=\"wpb_text_column wpb_content_element  vc_custom_1664954037933\" >\n\t\t<div class=\"wpb_wrapper\">\n\t\t\t<h2><span style=\"color: #000000;\"><strong><img loading=\"lazy\" decoding=\"async\" class=\"alignleft wp-image-17477\" src=\"https:\/\/www.cafmet.com\/wp-content\/uploads\/2022\/10\/image-modalite-devaluation-300x300.png\" alt=\"\" width=\"84\" height=\"84\" srcset=\"https:\/\/www.cafmet.com\/wp-content\/uploads\/2022\/10\/image-modalite-devaluation-300x300.png 300w, https:\/\/www.cafmet.com\/wp-content\/uploads\/2022\/10\/image-modalite-devaluation-1024x1024.png 1024w, https:\/\/www.cafmet.com\/wp-content\/uploads\/2022\/10\/image-modalite-devaluation-150x150.png 150w, https:\/\/www.cafmet.com\/wp-content\/uploads\/2022\/10\/image-modalite-devaluation-768x768.png 768w, https:\/\/www.cafmet.com\/wp-content\/uploads\/2022\/10\/image-modalite-devaluation-1536x1536.png 1536w, https:\/\/www.cafmet.com\/wp-content\/uploads\/2022\/10\/image-modalite-devaluation-12x12.png 12w, https:\/\/www.cafmet.com\/wp-content\/uploads\/2022\/10\/image-modalite-devaluation-500x500.png 500w, https:\/\/www.cafmet.com\/wp-content\/uploads\/2022\/10\/image-modalite-devaluation-800x800.png 800w, https:\/\/www.cafmet.com\/wp-content\/uploads\/2022\/10\/image-modalite-devaluation-1280x1280.png 1280w, https:\/\/www.cafmet.com\/wp-content\/uploads\/2022\/10\/image-modalite-devaluation-40x40.png 40w, https:\/\/www.cafmet.com\/wp-content\/uploads\/2022\/10\/image-modalite-devaluation-175x175.png 175w, https:\/\/www.cafmet.com\/wp-content\/uploads\/2022\/10\/image-modalite-devaluation-70x70.png 70w, https:\/\/www.cafmet.com\/wp-content\/uploads\/2022\/10\/image-modalite-devaluation-255x255.png 255w, https:\/\/www.cafmet.com\/wp-content\/uploads\/2022\/10\/image-modalite-devaluation-278x278.png 278w, https:\/\/www.cafmet.com\/wp-content\/uploads\/2022\/10\/image-modalite-devaluation-600x600.png 600w, https:\/\/www.cafmet.com\/wp-content\/uploads\/2022\/10\/image-modalite-devaluation-100x100.png 100w, https:\/\/www.cafmet.com\/wp-content\/uploads\/2022\/10\/image-modalite-devaluation.png 1920w\" sizes=\"(max-width: 84px) 100vw, 84px\" \/>Evaluation methods<\/strong><\/span><\/h2>\n<hr \/>\n<h5>\u00a0<\/h5>\n<h5><em>QCM are offered to evaluate the acquisition of your skills<\/em><\/h5>\n\n\t\t<\/div>\n\t<\/div>\n\n\t<div class=\"wpb_text_column wpb_content_element  vc_custom_1664954127252\" >\n\t\t<div class=\"wpb_wrapper\">\n\t\t\t<h2 style=\"text-align: center;\"><span style=\"color: #000000;\"><strong><img loading=\"lazy\" decoding=\"async\" class=\"alignleft wp-image-17479\" src=\"https:\/\/www.cafmet.com\/wp-content\/uploads\/2022\/10\/image-prerequis-300x230.jpg\" alt=\"\" width=\"85\" height=\"65\" srcset=\"https:\/\/www.cafmet.com\/wp-content\/uploads\/2022\/10\/image-prerequis-300x230.jpg 300w, https:\/\/www.cafmet.com\/wp-content\/uploads\/2022\/10\/image-prerequis-16x12.jpg 16w, https:\/\/www.cafmet.com\/wp-content\/uploads\/2022\/10\/image-prerequis-500x383.jpg 500w, https:\/\/www.cafmet.com\/wp-content\/uploads\/2022\/10\/image-prerequis-224x175.jpg 224w, https:\/\/www.cafmet.com\/wp-content\/uploads\/2022\/10\/image-prerequis-600x459.jpg 600w, https:\/\/www.cafmet.com\/wp-content\/uploads\/2022\/10\/image-prerequis.jpg 640w\" sizes=\"(max-width: 85px) 100vw, 85px\" \/>Prerequisites<\/strong><\/span><\/h2>\n<hr \/>\n<h5>\u00a0<\/h5>\n<h5><em>Knowledge of the GUM uncertainty<\/em><br \/><em>assessment method<\/em><\/h5>\n<p>&nbsp;<\/p>\n<h5><em>Basic knowledge of statistics <\/em><\/h5>\n\n\t\t<\/div>\n\t<\/div>\n\n\t<div class=\"wpb_text_column wpb_content_element  vc_custom_1670512473908\" >\n\t\t<div class=\"wpb_wrapper\">\n\t\t\t<h2><span style=\"color: #000000;\"><strong>Rate<\/strong><\/span><\/h2>\n<hr \/>\n<h4 style=\"text-align: center;\"><em><strong>1 420\u20ac HT * **<\/strong><\/em><\/h4>\n<h5>\u00a0<\/h5>\n<h5><em>* A 15% discount is given to CAFMET members<\/em><\/h5>\n<h5><em>** For distance learning, a 10% discount is applied<\/em><\/h5>\n\n\t\t<\/div>\n\t<\/div>\n<\/div><\/div><\/div><div class=\"wpb_column vc_column_container vc_col-sm-6\"><div class=\"vc_column-inner\"><div class=\"wpb_wrapper\">\n\t<div class=\"wpb_text_column wpb_content_element  vc_custom_1670512323404\" >\n\t\t<div class=\"wpb_wrapper\">\n\t\t\t<h2 style=\"text-align: center;\"><span style=\"color: #000000;\"><strong><img loading=\"lazy\" decoding=\"async\" class=\"alignleft wp-image-17476\" src=\"https:\/\/www.cafmet.com\/wp-content\/uploads\/2022\/10\/Image-outils-pedagogiques-176x300.png\" alt=\"\" width=\"60\" height=\"102\" srcset=\"https:\/\/www.cafmet.com\/wp-content\/uploads\/2022\/10\/Image-outils-pedagogiques-176x300.png 176w, https:\/\/www.cafmet.com\/wp-content\/uploads\/2022\/10\/Image-outils-pedagogiques-601x1024.png 601w, https:\/\/www.cafmet.com\/wp-content\/uploads\/2022\/10\/Image-outils-pedagogiques-7x12.png 7w, https:\/\/www.cafmet.com\/wp-content\/uploads\/2022\/10\/Image-outils-pedagogiques-500x852.png 500w, https:\/\/www.cafmet.com\/wp-content\/uploads\/2022\/10\/Image-outils-pedagogiques-600x1023.png 600w, https:\/\/www.cafmet.com\/wp-content\/uploads\/2022\/10\/Image-outils-pedagogiques.png 751w\" sizes=\"(max-width: 60px) 100vw, 60px\" \/>Teaching aids<\/strong><\/span><\/h2>\n<hr \/>\n<h5>\u00a0<\/h5>\n<h5>\u00a0<\/h5>\n<h5><em>Presentations<\/em><\/h5>\n<h6>\u00a0<\/h6>\n<h5><em>Pratical exercices<\/em><\/h5>\n<h6>\u00a0<\/h6>\n<h5><em>Exchanges<\/em><\/h5>\n<h6>\u00a0<\/h6>\n<h5><strong><em>File given to each participant<\/em><\/strong><\/h5>\n\n\t\t<\/div>\n\t<\/div>\n\n\t<div class=\"wpb_text_column wpb_content_element  vc_custom_1670512386500\" >\n\t\t<div class=\"wpb_wrapper\">\n\t\t\t<h2 style=\"text-align: center;\"><span style=\"color: #000000;\"><strong><img loading=\"lazy\" decoding=\"async\" class=\"alignleft wp-image-17480\" src=\"https:\/\/www.cafmet.com\/wp-content\/uploads\/2022\/10\/image-objectifs-300x300.png\" alt=\"\" width=\"84\" height=\"84\" srcset=\"https:\/\/www.cafmet.com\/wp-content\/uploads\/2022\/10\/image-objectifs-300x300.png 300w, https:\/\/www.cafmet.com\/wp-content\/uploads\/2022\/10\/image-objectifs-1024x1024.png 1024w, https:\/\/www.cafmet.com\/wp-content\/uploads\/2022\/10\/image-objectifs-150x150.png 150w, https:\/\/www.cafmet.com\/wp-content\/uploads\/2022\/10\/image-objectifs-768x768.png 768w, https:\/\/www.cafmet.com\/wp-content\/uploads\/2022\/10\/image-objectifs-1536x1536.png 1536w, https:\/\/www.cafmet.com\/wp-content\/uploads\/2022\/10\/image-objectifs-12x12.png 12w, https:\/\/www.cafmet.com\/wp-content\/uploads\/2022\/10\/image-objectifs-500x500.png 500w, https:\/\/www.cafmet.com\/wp-content\/uploads\/2022\/10\/image-objectifs-800x800.png 800w, https:\/\/www.cafmet.com\/wp-content\/uploads\/2022\/10\/image-objectifs-1280x1280.png 1280w, https:\/\/www.cafmet.com\/wp-content\/uploads\/2022\/10\/image-objectifs-40x40.png 40w, https:\/\/www.cafmet.com\/wp-content\/uploads\/2022\/10\/image-objectifs-175x175.png 175w, https:\/\/www.cafmet.com\/wp-content\/uploads\/2022\/10\/image-objectifs-70x70.png 70w, https:\/\/www.cafmet.com\/wp-content\/uploads\/2022\/10\/image-objectifs-255x255.png 255w, https:\/\/www.cafmet.com\/wp-content\/uploads\/2022\/10\/image-objectifs-278x278.png 278w, https:\/\/www.cafmet.com\/wp-content\/uploads\/2022\/10\/image-objectifs-600x600.png 600w, https:\/\/www.cafmet.com\/wp-content\/uploads\/2022\/10\/image-objectifs-100x100.png 100w, https:\/\/www.cafmet.com\/wp-content\/uploads\/2022\/10\/image-objectifs.png 1920w\" sizes=\"(max-width: 84px) 100vw, 84px\" \/>Targets<\/strong><\/span><\/h2>\n<hr \/>\n<h5>\u00a0<\/h5>\n<h5><em>To master the means and methods of measuring <\/em><em>temperatures in an industrial environment<\/em><\/h5>\n<h5>\u00a0<\/h5>\n<h5><em>Acquire the theoretical knowledge necessary to practice <\/em><em>the calibration of different types of temperature measurement<\/em><br \/><em>control devices<\/em><\/h5>\n<h5>\u00a0<\/h5>\n<h5><em>Master the calculations allowing to establich the uncertainty on <\/em><em>r\u00e9sultats des op\u00e9rations d\u2019\u00e9talonnage<\/em><\/h5>\n\n\t\t<\/div>\n\t<\/div>\n\n\t<div class=\"wpb_text_column wpb_content_element  vc_custom_1670512419572\" >\n\t\t<div class=\"wpb_wrapper\">\n\t\t\t<h2 style=\"text-align: center;\"><span style=\"color: #000000;\"><strong><img loading=\"lazy\" decoding=\"async\" class=\"alignleft wp-image-17481\" src=\"https:\/\/www.cafmet.com\/wp-content\/uploads\/2022\/10\/image-public-vise-300x194.jpg\" alt=\"\" width=\"98\" height=\"63\" srcset=\"https:\/\/www.cafmet.com\/wp-content\/uploads\/2022\/10\/image-public-vise-300x194.jpg 300w, https:\/\/www.cafmet.com\/wp-content\/uploads\/2022\/10\/image-public-vise-1024x662.jpg 1024w, https:\/\/www.cafmet.com\/wp-content\/uploads\/2022\/10\/image-public-vise-768x496.jpg 768w, https:\/\/www.cafmet.com\/wp-content\/uploads\/2022\/10\/image-public-vise-1536x993.jpg 1536w, https:\/\/www.cafmet.com\/wp-content\/uploads\/2022\/10\/image-public-vise-18x12.jpg 18w, https:\/\/www.cafmet.com\/wp-content\/uploads\/2022\/10\/image-public-vise-500x323.jpg 500w, https:\/\/www.cafmet.com\/wp-content\/uploads\/2022\/10\/image-public-vise-800x517.jpg 800w, https:\/\/www.cafmet.com\/wp-content\/uploads\/2022\/10\/image-public-vise-1280x827.jpg 1280w, https:\/\/www.cafmet.com\/wp-content\/uploads\/2022\/10\/image-public-vise-600x388.jpg 600w, https:\/\/www.cafmet.com\/wp-content\/uploads\/2022\/10\/image-public-vise.jpg 1920w\" sizes=\"(max-width: 98px) 100vw, 98px\" \/>Target audience<\/strong><\/span><\/h2>\n<hr \/>\n<h5>\u00a0<\/h5>\n<h5><em>Technicians and engineers<\/em><\/h5>\n<h5>\u00a0<\/h5>\n<h5><em>Technical and metrology managers <\/em><\/h5>\n<p>&nbsp;<\/p>\n<h5><em>Quality managers\u00a0<\/em><\/h5>\n<h5>\u00a0<\/h5>\n<h5><em>Auditors<\/em><\/h5>\n\n\t\t<\/div>\n\t<\/div>\n<\/div><\/div><\/div><\/div><div class=\"vc_row wpb_row vc_row-fluid\"><div class=\"wpb_column vc_column_container vc_col-sm-12\"><div class=\"vc_column-inner\"><div class=\"wpb_wrapper\"><div class=\"vc_btn3-container vc_btn3-inline\" ><a class=\"vc_general vc_btn3 vc_btn3-size-md vc_btn3-shape-rounded vc_btn3-style-modern vc_btn3-color-info\" href=\"https:\/\/www.cafmet.com\/en\/metrologie\/\" title=\"\">Back to \"Metrology\" training<\/a><\/div><\/div><\/div><\/div><\/div><\/section>","protected":false},"excerpt":{"rendered":"\u00c9talonnage des appareils de mesure de temp\u00e9rature\u00a0 DUR\u00c9E : 2 JOURS (14 heures) Programme \u00a0 \u00a0 Principe de fonctionnement d\u2019un thermom\u00e8tre \u00a0 \u00c9talons internationaux et r\u00e9f\u00e9rences normativesconcernant les mesures de temp\u00e9rature \u00a0 Unit\u00e9s de mesure de la temp\u00e9rature \u00a0 Instruments de mesure de la temp\u00e9rature :thermom\u00e8tre \u00e0 dilatation ; thermom\u00e8tre \u00e0 variationde r\u00e9sistance \u00e9lectrique ;","protected":false},"author":1,"featured_media":0,"parent":0,"menu_order":0,"comment_status":"closed","ping_status":"closed","template":"","meta":{"footnotes":"","_vp_format_video_url":"","_vp_image_focal_point":[]},"yoast_head":"<!-- This site is optimized with the Yoast SEO plugin v21.8 - https:\/\/yoast.com\/wordpress\/plugins\/seo\/ -->\n<title>\u00c9talonnage des appareils de mesure, de la temp\u00e9rature et caract\u00e9risation des enceintes climatiques - CAFMET<\/title>\n<meta name=\"robots\" content=\"index, follow, max-snippet:-1, max-image-preview:large, max-video-preview:-1\" \/>\n<link rel=\"canonical\" href=\"https:\/\/www.cafmet.com\/en\/etalonnage-des-appareils-de-mesure-de-la-temperature-et-caracterisation-des-enceintes-climatiques\/\" \/>\n<meta property=\"og:locale\" content=\"en_GB\" \/>\n<meta property=\"og:type\" content=\"article\" \/>\n<meta property=\"og:title\" content=\"\u00c9talonnage des appareils de mesure, de la temp\u00e9rature et caract\u00e9risation des enceintes climatiques - CAFMET\" \/>\n<meta property=\"og:url\" content=\"https:\/\/www.cafmet.com\/en\/etalonnage-des-appareils-de-mesure-de-la-temperature-et-caracterisation-des-enceintes-climatiques\/\" \/>\n<meta property=\"og:site_name\" content=\"CAFMET\" \/>\n<meta property=\"article:modified_time\" content=\"2022-12-08T15:14:41+00:00\" \/>\n<meta property=\"og:image\" content=\"https:\/\/www.cafmet.com\/wp-content\/uploads\/2022\/09\/pexels-roman-odintsov-4871011-1024x683.jpg\" \/>\n<meta name=\"twitter:card\" content=\"summary_large_image\" \/>\n<meta name=\"twitter:label1\" content=\"Estimated reading time\" \/>\n\t<meta name=\"twitter:data1\" content=\"3 minutes\" \/>\n<script type=\"application\/ld+json\" class=\"yoast-schema-graph\">{\"@context\":\"https:\/\/schema.org\",\"@graph\":[{\"@type\":\"WebPage\",\"@id\":\"https:\/\/www.cafmet.com\/etalonnage-des-appareils-de-mesure-de-la-temperature-et-caracterisation-des-enceintes-climatiques\/\",\"url\":\"https:\/\/www.cafmet.com\/etalonnage-des-appareils-de-mesure-de-la-temperature-et-caracterisation-des-enceintes-climatiques\/\",\"name\":\"\u00c9talonnage des appareils de mesure, de la temp\u00e9rature et caract\u00e9risation des enceintes climatiques - CAFMET\",\"isPartOf\":{\"@id\":\"https:\/\/www.cafmet.com\/#website\"},\"datePublished\":\"2022-09-23T09:13:05+00:00\",\"dateModified\":\"2022-12-08T15:14:41+00:00\",\"breadcrumb\":{\"@id\":\"https:\/\/www.cafmet.com\/etalonnage-des-appareils-de-mesure-de-la-temperature-et-caracterisation-des-enceintes-climatiques\/#breadcrumb\"},\"inLanguage\":\"en-GB\",\"potentialAction\":[{\"@type\":\"ReadAction\",\"target\":[\"https:\/\/www.cafmet.com\/etalonnage-des-appareils-de-mesure-de-la-temperature-et-caracterisation-des-enceintes-climatiques\/\"]}]},{\"@type\":\"BreadcrumbList\",\"@id\":\"https:\/\/www.cafmet.com\/etalonnage-des-appareils-de-mesure-de-la-temperature-et-caracterisation-des-enceintes-climatiques\/#breadcrumb\",\"itemListElement\":[{\"@type\":\"ListItem\",\"position\":1,\"name\":\"Accueil\",\"item\":\"https:\/\/www.cafmet.com\/\"},{\"@type\":\"ListItem\",\"position\":2,\"name\":\"\u00c9talonnage des appareils de mesure, de la temp\u00e9rature et caract\u00e9risation des enceintes climatiques\"}]},{\"@type\":\"WebSite\",\"@id\":\"https:\/\/www.cafmet.com\/#website\",\"url\":\"https:\/\/www.cafmet.com\/\",\"name\":\"CAFMET\",\"description\":\"\",\"potentialAction\":[{\"@type\":\"SearchAction\",\"target\":{\"@type\":\"EntryPoint\",\"urlTemplate\":\"https:\/\/www.cafmet.com\/?s={search_term_string}\"},\"query-input\":\"required name=search_term_string\"}],\"inLanguage\":\"en-GB\"}]}<\/script>\n<!-- \/ Yoast SEO plugin. -->","yoast_head_json":{"title":"\u00c9talonnage des appareils de mesure, de la temp\u00e9rature et caract\u00e9risation des enceintes climatiques - CAFMET","robots":{"index":"index","follow":"follow","max-snippet":"max-snippet:-1","max-image-preview":"max-image-preview:large","max-video-preview":"max-video-preview:-1"},"canonical":"https:\/\/www.cafmet.com\/en\/etalonnage-des-appareils-de-mesure-de-la-temperature-et-caracterisation-des-enceintes-climatiques\/","og_locale":"en_GB","og_type":"article","og_title":"\u00c9talonnage des appareils de mesure, de la temp\u00e9rature et caract\u00e9risation des enceintes climatiques - CAFMET","og_url":"https:\/\/www.cafmet.com\/en\/etalonnage-des-appareils-de-mesure-de-la-temperature-et-caracterisation-des-enceintes-climatiques\/","og_site_name":"CAFMET","article_modified_time":"2022-12-08T15:14:41+00:00","og_image":[{"url":"https:\/\/www.cafmet.com\/wp-content\/uploads\/2022\/09\/pexels-roman-odintsov-4871011-1024x683.jpg"}],"twitter_card":"summary_large_image","twitter_misc":{"Estimated reading time":"3 minutes"},"schema":{"@context":"https:\/\/schema.org","@graph":[{"@type":"WebPage","@id":"https:\/\/www.cafmet.com\/etalonnage-des-appareils-de-mesure-de-la-temperature-et-caracterisation-des-enceintes-climatiques\/","url":"https:\/\/www.cafmet.com\/etalonnage-des-appareils-de-mesure-de-la-temperature-et-caracterisation-des-enceintes-climatiques\/","name":"\u00c9talonnage des appareils de mesure, de la temp\u00e9rature et caract\u00e9risation des enceintes climatiques - CAFMET","isPartOf":{"@id":"https:\/\/www.cafmet.com\/#website"},"datePublished":"2022-09-23T09:13:05+00:00","dateModified":"2022-12-08T15:14:41+00:00","breadcrumb":{"@id":"https:\/\/www.cafmet.com\/etalonnage-des-appareils-de-mesure-de-la-temperature-et-caracterisation-des-enceintes-climatiques\/#breadcrumb"},"inLanguage":"en-GB","potentialAction":[{"@type":"ReadAction","target":["https:\/\/www.cafmet.com\/etalonnage-des-appareils-de-mesure-de-la-temperature-et-caracterisation-des-enceintes-climatiques\/"]}]},{"@type":"BreadcrumbList","@id":"https:\/\/www.cafmet.com\/etalonnage-des-appareils-de-mesure-de-la-temperature-et-caracterisation-des-enceintes-climatiques\/#breadcrumb","itemListElement":[{"@type":"ListItem","position":1,"name":"Accueil","item":"https:\/\/www.cafmet.com\/"},{"@type":"ListItem","position":2,"name":"\u00c9talonnage des appareils de mesure, de la temp\u00e9rature et caract\u00e9risation des enceintes climatiques"}]},{"@type":"WebSite","@id":"https:\/\/www.cafmet.com\/#website","url":"https:\/\/www.cafmet.com\/","name":"CAFMET","description":"","potentialAction":[{"@type":"SearchAction","target":{"@type":"EntryPoint","urlTemplate":"https:\/\/www.cafmet.com\/?s={search_term_string}"},"query-input":"required name=search_term_string"}],"inLanguage":"en-GB"}]}},"_links":{"self":[{"href":"https:\/\/www.cafmet.com\/en\/wp-json\/wp\/v2\/pages\/17355"}],"collection":[{"href":"https:\/\/www.cafmet.com\/en\/wp-json\/wp\/v2\/pages"}],"about":[{"href":"https:\/\/www.cafmet.com\/en\/wp-json\/wp\/v2\/types\/page"}],"author":[{"embeddable":true,"href":"https:\/\/www.cafmet.com\/en\/wp-json\/wp\/v2\/users\/1"}],"replies":[{"embeddable":true,"href":"https:\/\/www.cafmet.com\/en\/wp-json\/wp\/v2\/comments?post=17355"}],"version-history":[{"count":0,"href":"https:\/\/www.cafmet.com\/en\/wp-json\/wp\/v2\/pages\/17355\/revisions"}],"wp:attachment":[{"href":"https:\/\/www.cafmet.com\/en\/wp-json\/wp\/v2\/media?parent=17355"}],"curies":[{"name":"wp","href":"https:\/\/api.w.org\/{rel}","templated":true}]}}